{"id":2582,"date":"2018-07-04T15:16:55","date_gmt":"2018-07-04T13:16:55","guid":{"rendered":"https:\/\/www.daniela-berndt.foundation\/matrix\/?page_id=2582"},"modified":"2018-08-22T17:06:49","modified_gmt":"2018-08-22T15:06:49","slug":"dimension-7","status":"publish","type":"page","link":"https:\/\/www.daniela-berndt.foundation\/matrix\/fr\/developpement\/dimension-7\/","title":{"rendered":"Dimension 7"},"content":{"rendered":"<h4>Archivabilit\u00e9<\/h4>\n<p>Les modalit\u00e9s d\u2019archivage (1) d\u00e9coulent directement de la strat\u00e9gie de publication web \u00e9nonc\u00e9e \u00e0 l\u2019\u00e9tape pr\u00e9c\u00e9dente, suivant la m\u00eame approche matricielle (syst\u00e9mique [2]), ce qui va permettre de garantir la p\u00e9rennit\u00e9 du processus de production \u00e0 chaque \u00e9tape de la cha\u00eene d\u2019agr\u00e9gation de valeur, en termes de sauvegardes de fond (contenus) et de forme (syst\u00e8me).<\/p>\n<p>Le niveau Externet+ d\u2019acc\u00e8s au r\u00e9seau de franchise web, enti\u00e8rement d\u00e9di\u00e9 \u00e0 la D\u00e9claration Unique Conceptuelle, est celui de l\u2019int\u00e9gration de contenus aux formats divers et vari\u00e9s \u00e0 indexer dans des biblioth\u00e8ques de formats g\u00e9n\u00e9riques, et destin\u00e9s \u00e0 entrer comme mati\u00e8re premi\u00e8re (input) dans le processus de transformation de l\u2019utilisateur franchis\u00e9. L\u2019information trait\u00e9e \u00e9tant relativement brute, ce sont &#8211; outre les contenus &#8211; les m\u00e9tadonn\u00e9es d\u2019importation, de traitement, d\u2019exportation et de partage qui rev\u00eatent un caract\u00e8re particuli\u00e8rement sensible en termes de sauvegarde-restauration.<\/p>\n<p>Au niveau Intranet+ de construction d\u2019une base de capitalisation d\u00e9di\u00e9e \u00e0 une d\u00e9claration de mission sp\u00e9cifique, ces m\u00eames mati\u00e8res premi\u00e8res entrent dans le processus de transformation (throughput) \u00e0 proprement parler de l\u2019utilisateur franchis\u00e9. \u00c0 mesure que l\u2019information contextualis\u00e9e gagne en valeur ajout\u00e9e, ce sont &#8211; outre les contenus interm\u00e9diaires &#8211; les m\u00e9tadonn\u00e9es d\u2019incr\u00e9mentation (3) et de mesure de la performance qui doivent faire l\u2019objet d\u2019une attention particuli\u00e8re.<\/p>\n<p>Au niveau Extranet+ de mise sur le march\u00e9 de franchise NetPlusUltra\u00ae d\u2019un produit et\/ou service web op\u00e9rationnel (output) conforme aux intentions d\u00e9clar\u00e9es, ce sont &#8211; outre les contenus \u00e0 forte intensit\u00e9 de connaissance et valeur marchande &#8211; les m\u00e9tadonn\u00e9es de publication, de modification et de mise \u00e0 niveau qui devront faire l\u2019objet d\u2019une strat\u00e9gie de sauvegarde-restauration d\u00e9di\u00e9e.<\/p>\n<p>\u00c0 chaque \u00e9tape de transformation, il conviendra par ailleurs de d\u00e9terminer si l\u2019archivage est d\u00e9finitif, auquel cas le contenu est supprim\u00e9 du volume de stockage, de partage ou de publication, ou s\u2019il s\u2019agit d\u2019une republication pr\u00e9vue dans le cadre de l\u2019\u00e9volution du p\u00e9rim\u00e8tre de franchise web consid\u00e9r\u00e9.<\/p>\n<p><strong>Navigation<\/strong><br \/>\n<a href=\"https:\/\/www.daniela-berndt.foundation\/matrix\/en\/development\/dimension-7\/\">EN<\/a> \u2022 <a href=\"https:\/\/www.daniela-berndt.foundation\/matrix\/de\/entwicklung\/dimension-7\/\">DE<\/a> \u2022\u00a0<a href=\"https:\/\/www.daniela-berndt.foundation\/matrix\/fr\/configuration\/\">Configuration<\/a><\/p>\n<p><strong>Pr\u00e9cisions<\/strong><br \/>\n(1) <a href=\"https:\/\/fr.wikipedia.org\/wiki\/Archivage_\u00e9lectronique\" target=\"_blank\" rel=\"noopener\">https:\/\/fr.wikipedia.org\/wiki\/archivage-electronique<\/a><br \/>\n(2)\u00a0<a href=\"https:\/\/www.daniela-berndt.foundation\/matrix\/slidefolio\/menu-3_dimension-7\/\">https:\/\/www.daniela-berndt.foundation\/matrix\/slidefolio\/menu-3_dimension-7\/<\/a><br \/>\n(3) <a href=\"https:\/\/fr.wikipedia.org\/wiki\/Incr\u00e9mentalisme\" target=\"_blank\" rel=\"noopener\">https:\/\/fr.wikipedia.org\/wiki\/incrementalisme<\/a><\/p>\n","protected":false},"excerpt":{"rendered":"<p>Archivabilit\u00e9 Les modalit\u00e9s d\u2019archivage (1) d\u00e9coulent directement de la strat\u00e9gie de publication web \u00e9nonc\u00e9e \u00e0 l\u2019\u00e9tape pr\u00e9c\u00e9dente, suivant la m\u00eame approche matricielle (syst\u00e9mique [2]),&#46;&#46;&#46;<\/p>\n","protected":false},"author":1,"featured_media":0,"parent":2237,"menu_order":7,"comment_status":"open","ping_status":"closed","template":"","meta":{"footnotes":""},"class_list":["post-2582","page","type-page","status-publish","hentry"],"_links":{"self":[{"href":"https:\/\/www.daniela-berndt.foundation\/matrix\/wp-json\/wp\/v2\/pages\/2582","targetHints":{"allow":["GET"]}}],"collection":[{"href":"https:\/\/www.daniela-berndt.foundation\/matrix\/wp-json\/wp\/v2\/pages"}],"about":[{"href":"https:\/\/www.daniela-berndt.foundation\/matrix\/wp-json\/wp\/v2\/types\/page"}],"author":[{"embeddable":true,"href":"https:\/\/www.daniela-berndt.foundation\/matrix\/wp-json\/wp\/v2\/users\/1"}],"replies":[{"embeddable":true,"href":"https:\/\/www.daniela-berndt.foundation\/matrix\/wp-json\/wp\/v2\/comments?post=2582"}],"version-history":[{"count":18,"href":"https:\/\/www.daniela-berndt.foundation\/matrix\/wp-json\/wp\/v2\/pages\/2582\/revisions"}],"predecessor-version":[{"id":5208,"href":"https:\/\/www.daniela-berndt.foundation\/matrix\/wp-json\/wp\/v2\/pages\/2582\/revisions\/5208"}],"up":[{"embeddable":true,"href":"https:\/\/www.daniela-berndt.foundation\/matrix\/wp-json\/wp\/v2\/pages\/2237"}],"wp:attachment":[{"href":"https:\/\/www.daniela-berndt.foundation\/matrix\/wp-json\/wp\/v2\/media?parent=2582"}],"curies":[{"name":"wp","href":"https:\/\/api.w.org\/{rel}","templated":true}]}}